{"id":144,"date":"2025-02-23T23:45:43","date_gmt":"2025-02-23T22:45:43","guid":{"rendered":"https:\/\/aportee2voix.fr\/?page_id=144"},"modified":"2025-04-06T16:19:29","modified_gmt":"2025-04-06T14:19:29","slug":"poesie-tout-public","status":"publish","type":"page","link":"https:\/\/aportee2voix.fr\/index.php\/poesie-tout-public\/","title":{"rendered":"Po\u00e9sie Tout Public"},"content":{"rendered":"\t\t<div data-elementor-type=\"wp-page\" data-elementor-id=\"144\" class=\"elementor elementor-144\">\n\t\t\t\t<div class=\"has_eae_slider elementor-element elementor-element-d0cb300 e-flex e-con-boxed e-con e-parent\" data-eae-slider=\"1815\" data-id=\"d0cb300\" data-element_type=\"container\">\n\t\t\t\t\t<div class=\"e-con-inner\">\n\t\t\t\t<div class=\"elementor-element elementor-element-757648f elementor-widget elementor-widget-heading\" data-id=\"757648f\" data-element_type=\"widget\" data-widget_type=\"heading.default\">\n\t\t\t\t<div class=\"elementor-widget-container\">\n\t\t\t\t\t<h2 class=\"elementor-heading-title elementor-size-default\">La Po\u00e9sie en chair et en notes<\/h2>\t\t\t\t<\/div>\n\t\t\t\t<\/div>\n\t\t\t\t<div class=\"elementor-element elementor-element-6040689 elementor-widget elementor-widget-text-editor\" data-id=\"6040689\" data-element_type=\"widget\" data-widget_type=\"text-editor.default\">\n\t\t\t\t<div class=\"elementor-widget-container\">\n\t\t\t\t\t\t\t\t\t<b>ou comment plonger avec joie et l\u00e9g\u00e8ret\u00e9 dans le monde myst\u00e9rieux de la Po\u00e9sie<\/b>&#8230;\n<br><br>\n<b>\nAssociant les perles du patrimoine po\u00e9tique \u00e0 des compositions musicales et sonorit\u00e9s teint\u00e9es d\u2019Afrique et d&#8217;ailleurs<\/b>,\n<br><br>\n<a href=\"https:\/\/www.aportee2voix.fr\"><i><b>La Cie A Port\u00e9e 2 Voix<\/b><\/i><\/a> vous fait voyager \u00e0 travers les textes de ceux qui, du vers au slam en passant par la prose, ont dit \u00e0 leur fa\u00e7on leur vision du monde et des hommes : <i>Baudelaire, Pr\u00e9vert, Cros, Tardieu, T\u00f4, Khalil Gibran, Verlaine, Vian, Goethe, Octavio Paz, Sony Labou Tansi<\/i> et tant d&#8217;autres&#8230;\n<br><br>\nDans la <a href=\"https:\/\/aportee2voix.fr\/index.php\/tout-public\/\"><span style=\"color: var(--e-global-color-primary);\"> <b>version Tout Public<\/b><\/span><\/a>, les spectateurs sont invit\u00e9s \u00e0 <b>un tirage au sort des textes <\/b>qui seront interpr\u00e9t\u00e9s. L&#8217;ordre al\u00e9atoire suscite alors un <b>\u00e9change interactif entre les artistes, le public et les po\u00e9sies, rendant chaque repr\u00e9sentation unique.<\/b>\n<br><br>\n<b>Id\u00e9ale dans une configuration intimiste et conviviale des lieux <\/b>type m\u00e9diath\u00e8que, auditorium, caf\u00e9 culturel, appartement priv\u00e9<b>,<\/b> galerie d\u2019art, cette <b>formule autonome et mobile peut \u00e9galement \u00eatre jou\u00e9e en ext\u00e9rieur<\/b> (cour, jardin, parc\u2026).\n<br><br>\n<span style=\"color: var(--e-global-color-primary);\"><b>Dur\u00e9e: <\/b><\/span>45 \u00e0 90mn\u00a0 \/ 1 \u00e0 3 sets\t\t\t\t\t\t\t\t<\/div>\n\t\t\t\t<\/div>\n\t\t\t\t\t<\/div>\n\t\t\t\t<\/div>\n\t\t<div class=\"has_eae_slider elementor-element elementor-element-ff58682 e-grid e-con-boxed e-con e-parent\" data-eae-slider=\"84225\" data-id=\"ff58682\" data-element_type=\"container\">\n\t\t\t\t\t<div class=\"e-con-inner\">\n\t\t\t\t<div class=\"elementor-element elementor-element-b68ed9b elementor-widget elementor-widget-video\" data-id=\"b68ed9b\" data-element_type=\"widget\" data-settings=\"{&quot;youtube_url&quot;:&quot;https:\\\/\\\/youtu.be\\\/sB2DKfFrPmU?si=lojeTDFv5ZXg1ASs&quot;,&quot;video_type&quot;:&quot;youtube&quot;,&quot;controls&quot;:&quot;yes&quot;}\" data-widget_type=\"video.default\">\n\t\t\t\t<div class=\"elementor-widget-container\">\n\t\t\t\t\t\t\t<div class=\"elementor-wrapper elementor-open-inline\">\n\t\t\t<div class=\"elementor-video\"><\/div>\t\t<\/div>\n\t\t\t\t\t\t<\/div>\n\t\t\t\t<\/div>\n\t\t\t\t<div class=\"elementor-element elementor-element-5ab498b elementor-widget elementor-widget-video\" data-id=\"5ab498b\" data-element_type=\"widget\" data-settings=\"{&quot;youtube_url&quot;:&quot;https:\\\/\\\/youtu.be\\\/3qXKjcr52t4&quot;,&quot;video_type&quot;:&quot;youtube&quot;,&quot;controls&quot;:&quot;yes&quot;}\" data-widget_type=\"video.default\">\n\t\t\t\t<div class=\"elementor-widget-container\">\n\t\t\t\t\t\t\t<div class=\"elementor-wrapper elementor-open-inline\">\n\t\t\t<div class=\"elementor-video\"><\/div>\t\t<\/div>\n\t\t\t\t\t\t<\/div>\n\t\t\t\t<\/div>\n\t\t\t\t\t<\/div>\n\t\t\t\t<\/div>\n\t\t\t\t<\/div>\n\t\t","protected":false},"excerpt":{"rendered":"<p>La Po\u00e9sie en chair et en notes ou comment plonger avec joie et l\u00e9g\u00e8ret\u00e9 dans [&hellip;]<\/p>\n","protected":false},"author":1,"featured_media":1287,"parent":0,"menu_order":0,"comment_status":"closed","ping_status":"closed","template":"","meta":{"footnotes":""},"class_list":["post-144","page","type-page","status-publish","has-post-thumbnail","hentry"],"yoast_head":"<!-- This site is optimized with the Yoast SEO plugin v26.5 - https:\/\/yoast.com\/wordpress\/plugins\/seo\/ -->\n<title>Po\u00e9sie Tout Public - A Port\u00e9e 2 Voix<\/title>\n<meta name=\"description\" content=\"Spectacle Po\u00e9sie Tout Public - &quot;A Port\u00e9e 2 Voix&quot;- La &quot;Po\u00e9sie en chair et en notes&quot; - Comment plonger dans le myst\u00e9rieux monde de la Po\u00e9sie\" \/>\n<meta name=\"robots\" content=\"index, follow, max-snippet:-1, max-image-preview:large, max-video-preview:-1\" \/>\n<link rel=\"canonical\" href=\"https:\/\/aportee2voix.fr\/index.php\/poesie-tout-public\/\" \/>\n<meta property=\"og:locale\" content=\"en_US\" \/>\n<meta property=\"og:type\" content=\"article\" \/>\n<meta property=\"og:title\" content=\"Po\u00e9sie Tout Public - A Port\u00e9e 2 Voix\" \/>\n<meta property=\"og:description\" content=\"Spectacle Po\u00e9sie Tout Public - &quot;A Port\u00e9e 2 Voix&quot;- La &quot;Po\u00e9sie en chair et en notes&quot; - Comment plonger dans le myst\u00e9rieux monde de la Po\u00e9sie\" \/>\n<meta property=\"og:url\" content=\"https:\/\/aportee2voix.fr\/index.php\/poesie-tout-public\/\" \/>\n<meta property=\"og:site_name\" content=\"A Port\u00e9e 2 Voix\" \/>\n<meta property=\"article:modified_time\" content=\"2025-04-06T14:19:29+00:00\" \/>\n<meta property=\"og:image\" content=\"http:\/\/aportee2voix.fr\/wp-content\/uploads\/2025\/04\/AP2N-ToutPublic-03-01.png\" \/>\n\t<meta property=\"og:image:width\" content=\"2033\" \/>\n\t<meta property=\"og:image:height\" content=\"1048\" \/>\n\t<meta property=\"og:image:type\" content=\"image\/png\" \/>\n<meta name=\"twitter:card\" content=\"summary_large_image\" \/>\n<meta name=\"twitter:label1\" content=\"Est. reading time\" \/>\n\t<meta name=\"twitter:data1\" content=\"2 minutes\" \/>\n<script type=\"application\/ld+json\" class=\"yoast-schema-graph\">{\"@context\":\"https:\/\/schema.org\",\"@graph\":[{\"@type\":\"WebPage\",\"@id\":\"https:\/\/aportee2voix.fr\/index.php\/poesie-tout-public\/\",\"url\":\"https:\/\/aportee2voix.fr\/index.php\/poesie-tout-public\/\",\"name\":\"Po\u00e9sie Tout Public - A Port\u00e9e 2 Voix\",\"isPartOf\":{\"@id\":\"https:\/\/aportee2voix.fr\/#website\"},\"primaryImageOfPage\":{\"@id\":\"https:\/\/aportee2voix.fr\/index.php\/poesie-tout-public\/#primaryimage\"},\"image\":{\"@id\":\"https:\/\/aportee2voix.fr\/index.php\/poesie-tout-public\/#primaryimage\"},\"thumbnailUrl\":\"https:\/\/aportee2voix.fr\/wp-content\/uploads\/2025\/04\/AP2N-ToutPublic-03-01.png\",\"datePublished\":\"2025-02-23T22:45:43+00:00\",\"dateModified\":\"2025-04-06T14:19:29+00:00\",\"description\":\"Spectacle Po\u00e9sie Tout Public - \\\"A Port\u00e9e 2 Voix\\\"- La \\\"Po\u00e9sie en chair et en notes\\\" - Comment plonger dans le myst\u00e9rieux monde de la Po\u00e9sie\",\"breadcrumb\":{\"@id\":\"https:\/\/aportee2voix.fr\/index.php\/poesie-tout-public\/#breadcrumb\"},\"inLanguage\":\"en-US\",\"potentialAction\":[{\"@type\":\"ReadAction\",\"target\":[\"https:\/\/aportee2voix.fr\/index.php\/poesie-tout-public\/\"]}]},{\"@type\":\"ImageObject\",\"inLanguage\":\"en-US\",\"@id\":\"https:\/\/aportee2voix.fr\/index.php\/poesie-tout-public\/#primaryimage\",\"url\":\"https:\/\/aportee2voix.fr\/wp-content\/uploads\/2025\/04\/AP2N-ToutPublic-03-01.png\",\"contentUrl\":\"https:\/\/aportee2voix.fr\/wp-content\/uploads\/2025\/04\/AP2N-ToutPublic-03-01.png\",\"width\":2033,\"height\":1048},{\"@type\":\"BreadcrumbList\",\"@id\":\"https:\/\/aportee2voix.fr\/index.php\/poesie-tout-public\/#breadcrumb\",\"itemListElement\":[{\"@type\":\"ListItem\",\"position\":1,\"name\":\"Accueil\",\"item\":\"https:\/\/aportee2voix.fr\/\"},{\"@type\":\"ListItem\",\"position\":2,\"name\":\"Po\u00e9sie Tout Public\"}]},{\"@type\":\"WebSite\",\"@id\":\"https:\/\/aportee2voix.fr\/#website\",\"url\":\"https:\/\/aportee2voix.fr\/\",\"name\":\"A Port\u00e9e 2 Voix\",\"description\":\"Mots en Chair et en Notes !\",\"publisher\":{\"@id\":\"https:\/\/aportee2voix.fr\/#organization\"},\"potentialAction\":[{\"@type\":\"SearchAction\",\"target\":{\"@type\":\"EntryPoint\",\"urlTemplate\":\"https:\/\/aportee2voix.fr\/?s={search_term_string}\"},\"query-input\":{\"@type\":\"PropertyValueSpecification\",\"valueRequired\":true,\"valueName\":\"search_term_string\"}}],\"inLanguage\":\"en-US\"},{\"@type\":\"Organization\",\"@id\":\"https:\/\/aportee2voix.fr\/#organization\",\"name\":\"A Port\u00e9e 2 Voix\",\"url\":\"https:\/\/aportee2voix.fr\/\",\"logo\":{\"@type\":\"ImageObject\",\"inLanguage\":\"en-US\",\"@id\":\"https:\/\/aportee2voix.fr\/#\/schema\/logo\/image\/\",\"url\":\"https:\/\/aportee2voix.fr\/wp-content\/uploads\/2025\/02\/cropped-Affiche-AP2V-01-01-1.png\",\"contentUrl\":\"https:\/\/aportee2voix.fr\/wp-content\/uploads\/2025\/02\/cropped-Affiche-AP2V-01-01-1.png\",\"width\":1246,\"height\":410,\"caption\":\"A Port\u00e9e 2 Voix\"},\"image\":{\"@id\":\"https:\/\/aportee2voix.fr\/#\/schema\/logo\/image\/\"}}]}<\/script>\n<!-- \/ Yoast SEO plugin. -->","yoast_head_json":{"title":"Po\u00e9sie Tout Public - A Port\u00e9e 2 Voix","description":"Spectacle Po\u00e9sie Tout Public - \"A Port\u00e9e 2 Voix\"- La \"Po\u00e9sie en chair et en notes\" - Comment plonger dans le myst\u00e9rieux monde de la Po\u00e9sie","robots":{"index":"index","follow":"follow","max-snippet":"max-snippet:-1","max-image-preview":"max-image-preview:large","max-video-preview":"max-video-preview:-1"},"canonical":"https:\/\/aportee2voix.fr\/index.php\/poesie-tout-public\/","og_locale":"en_US","og_type":"article","og_title":"Po\u00e9sie Tout Public - A Port\u00e9e 2 Voix","og_description":"Spectacle Po\u00e9sie Tout Public - \"A Port\u00e9e 2 Voix\"- La \"Po\u00e9sie en chair et en notes\" - Comment plonger dans le myst\u00e9rieux monde de la Po\u00e9sie","og_url":"https:\/\/aportee2voix.fr\/index.php\/poesie-tout-public\/","og_site_name":"A Port\u00e9e 2 Voix","article_modified_time":"2025-04-06T14:19:29+00:00","og_image":[{"width":2033,"height":1048,"url":"http:\/\/aportee2voix.fr\/wp-content\/uploads\/2025\/04\/AP2N-ToutPublic-03-01.png","type":"image\/png"}],"twitter_card":"summary_large_image","twitter_misc":{"Est. reading time":"2 minutes"},"schema":{"@context":"https:\/\/schema.org","@graph":[{"@type":"WebPage","@id":"https:\/\/aportee2voix.fr\/index.php\/poesie-tout-public\/","url":"https:\/\/aportee2voix.fr\/index.php\/poesie-tout-public\/","name":"Po\u00e9sie Tout Public - A Port\u00e9e 2 Voix","isPartOf":{"@id":"https:\/\/aportee2voix.fr\/#website"},"primaryImageOfPage":{"@id":"https:\/\/aportee2voix.fr\/index.php\/poesie-tout-public\/#primaryimage"},"image":{"@id":"https:\/\/aportee2voix.fr\/index.php\/poesie-tout-public\/#primaryimage"},"thumbnailUrl":"https:\/\/aportee2voix.fr\/wp-content\/uploads\/2025\/04\/AP2N-ToutPublic-03-01.png","datePublished":"2025-02-23T22:45:43+00:00","dateModified":"2025-04-06T14:19:29+00:00","description":"Spectacle Po\u00e9sie Tout Public - \"A Port\u00e9e 2 Voix\"- La \"Po\u00e9sie en chair et en notes\" - Comment plonger dans le myst\u00e9rieux monde de la Po\u00e9sie","breadcrumb":{"@id":"https:\/\/aportee2voix.fr\/index.php\/poesie-tout-public\/#breadcrumb"},"inLanguage":"en-US","potentialAction":[{"@type":"ReadAction","target":["https:\/\/aportee2voix.fr\/index.php\/poesie-tout-public\/"]}]},{"@type":"ImageObject","inLanguage":"en-US","@id":"https:\/\/aportee2voix.fr\/index.php\/poesie-tout-public\/#primaryimage","url":"https:\/\/aportee2voix.fr\/wp-content\/uploads\/2025\/04\/AP2N-ToutPublic-03-01.png","contentUrl":"https:\/\/aportee2voix.fr\/wp-content\/uploads\/2025\/04\/AP2N-ToutPublic-03-01.png","width":2033,"height":1048},{"@type":"BreadcrumbList","@id":"https:\/\/aportee2voix.fr\/index.php\/poesie-tout-public\/#breadcrumb","itemListElement":[{"@type":"ListItem","position":1,"name":"Accueil","item":"https:\/\/aportee2voix.fr\/"},{"@type":"ListItem","position":2,"name":"Po\u00e9sie Tout Public"}]},{"@type":"WebSite","@id":"https:\/\/aportee2voix.fr\/#website","url":"https:\/\/aportee2voix.fr\/","name":"A Port\u00e9e 2 Voix","description":"Mots en Chair et en Notes !","publisher":{"@id":"https:\/\/aportee2voix.fr\/#organization"},"potentialAction":[{"@type":"SearchAction","target":{"@type":"EntryPoint","urlTemplate":"https:\/\/aportee2voix.fr\/?s={search_term_string}"},"query-input":{"@type":"PropertyValueSpecification","valueRequired":true,"valueName":"search_term_string"}}],"inLanguage":"en-US"},{"@type":"Organization","@id":"https:\/\/aportee2voix.fr\/#organization","name":"A Port\u00e9e 2 Voix","url":"https:\/\/aportee2voix.fr\/","logo":{"@type":"ImageObject","inLanguage":"en-US","@id":"https:\/\/aportee2voix.fr\/#\/schema\/logo\/image\/","url":"https:\/\/aportee2voix.fr\/wp-content\/uploads\/2025\/02\/cropped-Affiche-AP2V-01-01-1.png","contentUrl":"https:\/\/aportee2voix.fr\/wp-content\/uploads\/2025\/02\/cropped-Affiche-AP2V-01-01-1.png","width":1246,"height":410,"caption":"A Port\u00e9e 2 Voix"},"image":{"@id":"https:\/\/aportee2voix.fr\/#\/schema\/logo\/image\/"}}]}},"_links":{"self":[{"href":"https:\/\/aportee2voix.fr\/index.php\/wp-json\/wp\/v2\/pages\/144","targetHints":{"allow":["GET"]}}],"collection":[{"href":"https:\/\/aportee2voix.fr\/index.php\/wp-json\/wp\/v2\/pages"}],"about":[{"href":"https:\/\/aportee2voix.fr\/index.php\/wp-json\/wp\/v2\/types\/page"}],"author":[{"embeddable":true,"href":"https:\/\/aportee2voix.fr\/index.php\/wp-json\/wp\/v2\/users\/1"}],"replies":[{"embeddable":true,"href":"https:\/\/aportee2voix.fr\/index.php\/wp-json\/wp\/v2\/comments?post=144"}],"version-history":[{"count":68,"href":"https:\/\/aportee2voix.fr\/index.php\/wp-json\/wp\/v2\/pages\/144\/revisions"}],"predecessor-version":[{"id":1274,"href":"https:\/\/aportee2voix.fr\/index.php\/wp-json\/wp\/v2\/pages\/144\/revisions\/1274"}],"wp:featuredmedia":[{"embeddable":true,"href":"https:\/\/aportee2voix.fr\/index.php\/wp-json\/wp\/v2\/media\/1287"}],"wp:attachment":[{"href":"https:\/\/aportee2voix.fr\/index.php\/wp-json\/wp\/v2\/media?parent=144"}],"curies":[{"name":"wp","href":"https:\/\/api.w.org\/{rel}","templated":true}]}}